{"id":130,"date":"2020-01-07T18:53:57","date_gmt":"2020-01-07T17:53:57","guid":{"rendered":"http:\/\/pim-mig.info\/?page_id=130"},"modified":"2025-04-15T19:12:42","modified_gmt":"2025-04-15T17:12:42","slug":"ongd-e-instituciones","status":"publish","type":"page","link":"https:\/\/pim-mig.info\/index.php\/ongd-e-instituciones\/","title":{"rendered":"ONGDs e instituciones"},"content":{"rendered":"\n<h2 class=\"has-text-align-center wp-block-heading\"><strong>ENTIDADES QUE APOYAN EL PUNTO DE INFORMACI\u00d3N<\/strong><\/h2>\n\n\n\n<p><a rel=\"noreferrer noopener\" href=\"http:\/\/accioncontralatrata.com\/\" target=\"_blank\">ACCI\u00d3N CONTRA LA TRATA<\/a>. <\/p>\n\n\n\n<p><a rel=\"noreferrer noopener\" href=\"https:\/\/es-es.facebook.com\/pages\/category\/Interest\/Africa-United-Navarra-542939185879905\/\" target=\"_blank\">AFRICA UNIDA NAVARRA<\/a><\/p>\n\n\n\n<p><a rel=\"noreferrer noopener\" href=\"https:\/\/mail.google.com\/mail\/u\/0\/?view=cm&amp;fs=1&amp;tf=1&amp;source=mailto&amp;to=anitzartean@sakana-mank.eus\" target=\"_blank\">ANITZARTEAN kulturartekotasun zerbitzua. Servicio Intercultural ANITZARTEAN. Sakanako Mankomunitatea<\/a>. <\/p>\n\n\n\n<p><a rel=\"noreferrer noopener\" href=\"https:\/\/es-es.facebook.com\/asociacioncontigoperunavarra\/\" target=\"_blank\">ASOCIACI\u00d3N CONTIGO PER\u00da<\/a>  <\/p>\n\n\n\n<p><a rel=\"noreferrer noopener\" href=\"http:\/\/www.geltoki.red\/\" target=\"_blank\">ASOCIACI\u00d3N GELTOKI IRU\u00d1EA<\/a><\/p>\n\n\n\n<p><a rel=\"noreferrer noopener\" href=\"https:\/\/es-es.facebook.com\/ASOCOLON\/\" target=\"_blank\">ASOCOLON. Asociaci\u00f3n de Colombianos en Navarra<\/a><\/p>\n\n\n\n<p><a rel=\"noreferrer noopener\" href=\"https:\/\/www.bancoalimentosnavarra.org\/index.php\" target=\"_blank\">BANCO DE ALIMENTOS DE NAVARRA<\/a><\/p>\n\n\n\n<p>BIDEAN. Tel\u00e9fono 679 983 392.&nbsp;<\/p>\n\n\n\n<p><a rel=\"noreferrer noopener\" href=\"https:\/\/www.cear.es\/\" target=\"_blank\">CEAR NAVARRA<\/a>. <\/p>\n\n\n\n<p><a rel=\"noreferrer noopener\" href=\"https:\/\/navarra.ccoo.es\/\" target=\"_blank\">CCOO. Navarra<\/a>.<\/p>\n\n\n\n<p><a rel=\"noreferrer noopener\" href=\"https:\/\/www.facebook.com\/Asvena\/videos\/984789561695938\/\" target=\"_blank\">COMUNIDAD ASVENA Y LA ALPARGATIKA<\/a>.  <\/p>\n\n\n\n<p><a rel=\"noreferrer noopener\" href=\"https:\/\/www.lab.eus\/es\" target=\"_blank\">LAB SINDIKATUA<\/a>.<\/p>\n\n\n\n<p><a rel=\"noreferrer noopener\" href=\"https:\/\/eh11kolore.eus\/es\/\" target=\"_blank\">EH 11 Kolore<\/a>.<\/p>\n\n\n\n<p><a href=\"https:\/\/malostratos.org\/\">EHULEAK. Comisi\u00f3n para la Investigaci\u00f3n de Malos Tratos a Mujeres en Navarra<\/a>. <\/p>\n\n\n\n<p><a rel=\"noreferrer noopener\" href=\"http:\/\/www.elkarte.org\/\" target=\"_blank\">ELKARTE FORMACI\u00d3N Y EMPLEO<\/a>. <\/p>\n\n\n\n<p><a rel=\"noreferrer noopener\" href=\"http:\/\/www.elsalvadorelkartasuna.eus\/\" target=\"_blank\">EL SALVADOR ELKATASUNA<\/a>.<\/p>\n\n\n\n<p><a rel=\"noreferrer noopener\" href=\"https:\/\/help-na.org\/\" target=\"_blank\">HELP-NA<\/a>. <\/p>\n\n\n\n<p><a rel=\"noreferrer noopener\" href=\"https:\/\/www.paris365.org\/es\/recursos\" target=\"_blank\">FUNDACI\u00d3N GIZAKIAR HERRITAR- PAR\u00cdS 365<\/a>. <\/p>\n\n\n\n<p><a rel=\"noreferrer noopener\" href=\"https:\/\/www.itakaescolapios.org\/\" target=\"_blank\">FUNDACI\u00d3N ITAKA ESCOLAPIOS<\/a>.<\/p>\n\n\n\n<p><a rel=\"noreferrer noopener\" href=\"http:\/\/www.taufundazioa.org\/\" target=\"_blank\">FUNDACI\u00d3N TAU FUNDAZIOA<\/a>.<\/p>\n\n\n\n<p><a rel=\"noreferrer noopener\" href=\"https:\/\/twitter.com\/acogidairunea?lang=es\" target=\"_blank\">IRU\u00d1EA CIUDAD DE ACOGIDA<\/a> <a rel=\"noreferrer noopener\" href=\"https:\/\/www.instagram.com\/irunea_ciudad_acogida\/?igshid=55kmp4c94m53\" target=\"_blank\">IRU\u00d1EA HARRERA HIRIA<\/a>.<\/p>\n\n\n\n<p><a rel=\"noreferrer noopener\" href=\"http:\/\/accioncontralatrata.com\/tag\/poderosas\/\" target=\"_blank\">LAS PODEROSAS<\/a><\/p>\n\n\n\n<p><a rel=\"noreferrer noopener\" href=\"https:\/\/es-es.facebook.com\/pages\/category\/Community\/Lizarra-Ciudad-de-acogida-1545334972433649\/\" target=\"_blank\">LIZARRA CIUDAD DE ACOGIDA<\/a>. <\/p>\n\n\n\n<p><a rel=\"noreferrer noopener\" href=\"https:\/\/martesalsol.wordpress.com\/author\/israelburlata\/\" target=\"_blank\">MARTES AL SOL<\/a><\/p>\n\n\n\n<p><a rel=\"noreferrer noopener\" href=\"https:\/\/es-es.facebook.com\/medicosdelmundo.navarra\" target=\"_blank\">M\u00c9DICOS DEL MUNDO NAVARRA<\/a>.<\/p>\n\n\n\n<p><a rel=\"noreferrer noopener\" href=\"http:\/\/www.lasaludunderecho.es\/\" target=\"_blank\">MEDICUS MUNDI NAM<\/a>.\u00a0<\/p>\n\n\n\n<p><a rel=\"noreferrer noopener\" href=\"http:\/\/mugarikgabenafarroa.org\/\" target=\"_blank\">MUGARIK GABE NAFARRO<\/a><a href=\"http:\/\/mugarikgabenafarroa.org\/\" target=\"_blank\" rel=\"noreferrer noopener\">A<\/a>.<\/p>\n\n\n\n<p><a rel=\"noreferrer noopener\" href=\"http:\/\/www.oxfamintermon.org\/\" target=\"_blank\">OXFAM INTERMON<\/a>. <\/p>\n\n\n\n<p><a rel=\"noreferrer noopener\" href=\"http:\/\/migrasolidaria.blogspot.com\/p\/quienes-somos.html\" target=\"_blank\">PAPELES Y DERECHOS DENONTZAT<\/a>.<\/p>\n\n\n\n<p><a rel=\"noreferrer noopener\" href=\"https:\/\/www.facebook.com\/pahcaskopamplona\" target=\"_blank\">PLATAFORMA DE AFECTAD@S POR LA HIPOTECA DEL CASCO VIEJO<\/a>.<\/p>\n\n\n\n<p><a rel=\"noreferrer noopener\" href=\"https:\/\/twitter.com\/pahhutnavarra\" target=\"_blank\">PLATAFORMA DE AFECTAD@S POR LA HIPOTECA DE NAVARRA<\/a>.<\/p>\n\n\n\n<p><a rel=\"noreferrer noopener\" href=\"https:\/\/twitter.com\/pnap20\" target=\"_blank\">PLATAFORMA NAVARRA DE MUJERES POR LA ABOLICI\u00d3N DE LA PROSTITUCI\u00d3N<\/a>. <\/p>\n\n\n\n<p><a rel=\"noreferrer noopener\" href=\"https:\/\/es-es.facebook.com\/SakanaHarrera\/\" target=\"_blank\">SAKANA HARRERA HARANA<\/a>. <\/p>\n\n\n\n<p><a rel=\"noreferrer noopener\" href=\"http:\/\/www.asociacionsei.org\/\" target=\"_blank\">SEI. SERVICIO SOCIEDUCATIVO INTERCULTURAL<\/a>.<\/p>\n\n\n\n<p><a rel=\"noreferrer noopener\" href=\"https:\/\/sosracismo.eu\/sos-racismo-nafarroa\/\" target=\"_blank\">SOS RACISMO NAFARROA<\/a>. <\/p>\n\n\n\n<p><a href=\"https:\/\/steilas.eus\/es\/\">STEILAS SINDIKATUA<\/a>.<\/p>\n\n\n\n<p><a rel=\"noreferrer noopener\" href=\"https:\/\/sumaconcausa.org\/\" target=\"_blank\">SUMACONCAUSA<\/a>.<\/p>\n\n\n\n<p><a rel=\"noreferrer noopener\" href=\"https:\/\/es-es.facebook.com\/people\/Tafalla-Ciudad-De-Acogida\/100012436357423\" target=\"_blank\">TAFALLA CIUDAD DE ACOGIDA<\/a>. <\/p>\n\n\n\n<p><a rel=\"noreferrer noopener\" href=\"http:\/\/zaporeak.eus\/es\" target=\"_blank\">ZAPOREAK<\/a>. <\/p>\n\n\n\n<p><a rel=\"noreferrer noopener\" href=\"http:\/\/www.zaskarumorez.com\/\" target=\"_blank\">ZASKA-Red Antirrumores<\/a><\/p>\n\n\n\n<h2 class=\"wp-block-heading\">ENTIDADES QUE APOYAN <\/h2>\n\n\n\n<h4 class=\"wp-block-heading\">EN EDUCACI\u00d3N<\/h4>\n\n\n\n<p><a rel=\"noreferrer noopener\" href=\"https:\/\/www.lantxotegi.org\/index.php\/es\/donde\" target=\"_blank\">Lantxotegi<\/a>.&nbsp;<\/p>\n\n\n\n<p><a rel=\"noreferrer noopener\" href=\"https:\/\/www.asociacionsei.org\/\" target=\"_blank\">Asociaci\u00f3n SEI \u2013 Servicio Socioeducativo Intercultural<\/a><\/p>\n\n\n\n<p><a rel=\"noreferrer noopener\" href=\"https:\/\/www.caritaspamplona.org\/services\/residential-design\/\" target=\"_blank\">C\u00e1ritas Diocesana de Pamplona y Tudela. ANIMACI\u00d3N COMUNITARIA<\/a><\/p>\n\n\n\n<p><a rel=\"noreferrer noopener\" href=\"https:\/\/www.itakaescolapios.org\/que-hacemos\/centros-socio-educativos\/ikaskide-pamplona\/\" target=\"_blank\">Fundaci\u00f3n ITAKA- Escolapios<\/a>.&nbsp;Tel\u00e9fono 948 203 891<\/p>\n\n\n\n<h4 class=\"wp-block-heading\">EN EXTRANJER\u00cdA<\/h4>\n\n\n\n<h4 class=\"wp-block-heading\">Asesoramiento jur\u00eddico<\/h4>\n\n\n\n<p><strong>Bidean<\/strong>. Tel\u00e9fono 679 983 392. Calle Emiliana Zubeldia, 5. Pamplona.<\/p>\n\n\n\n<p><a rel=\"noreferrer noopener\" href=\"https:\/\/www.caritaspamplona.org\/services\/emergencia-coronavirus\/\" target=\"_blank\">Caritas Diocesana Pamplona y Tudela.<\/a> Tel\u00e9fono 948 225 909. Calle San Ant\u00f3n, 8. Pamplona.&nbsp;<\/p>\n\n\n\n<p><strong>Ikaskide<\/strong>. Tel\u00e9fono 616 874 707. Calle Mayor 57. Pamplona.&nbsp;<\/p>\n\n\n\n<h4 class=\"wp-block-heading\">Denuncias anti-racistas<\/h4>\n\n\n\n<p><a rel=\"noreferrer noopener\" href=\"https:\/\/sosracismo.eu\/\" target=\"_blank\">Federaci\u00f3n Sos Racismo Nafarroa.<\/a> Tel\u00e9fono: 948 211 521. Calle Zapater\u00eda 31. Pamplona.&nbsp;<\/p>\n\n\n\n<h4 class=\"wp-block-heading\">Asesoramiento sobre asilo<\/h4>\n\n\n\n<p><strong>Cruz Roja.&nbsp;<\/strong>Calle Leire n\u00ba 6. Pamplona. Tel\u00e9fono: 948 206 570. Hay Asambleas de Cruz Roja en Pamplona- Iru\u00f1a, Tudela, Estella-Lizarra, Tafalla, Sang\u00fcesa- Zangoza, Altsasu- Alsasua, Lodosa, Cintru\u00e9nigo y Castej\u00f3n.<\/p>\n\n\n\n<p><a rel=\"noreferrer noopener\" href=\"https:\/\/www.cear.es\/\" target=\"_blank\">Comisi\u00f3n Espa\u00f1ola de Ayuda al Refugiado<\/a> (CEAR). Calle Sandoval 2, local. Pamplona. Tel\u00e9fono: 848 480 818.&nbsp;<\/p>\n\n\n\n<h4 class=\"wp-block-heading\">MENORES<\/h4>\n\n\n\n<p><a rel=\"noreferrer noopener\" href=\"https:\/\/www.asociacionsei.org\/\" target=\"_blank\">ASOCIACI\u00d3N SEI-  SERVICIO SOCIEDUCATIVO INTERCULTURAL<\/a>. <\/p>\n\n\n\n<p><a rel=\"noreferrer noopener\" href=\"https:\/\/www.lantxotegi.org\/index.php\/es\/\" target=\"_blank\">LANTXOTEGI<\/a>.<\/p>\n\n\n\n<p><strong>IKASKIDE- FUNDACI\u00d3N ITAKA ESCOLAPIOS.&nbsp;<\/strong>Apoyo escolar y campamentos urbanos. <a rel=\"noreferrer noopener\" href=\"https:\/\/www.itakaescolapios.org\/donde-estamos\/spain\/pamplona-iruna\/\" target=\"_blank\">M\u00e1s informaci\u00f3n<\/a>.<\/p>\n\n\n\n<p><strong>MEDICUS MUNDI.<\/strong>&nbsp;Grupos de Acci\u00f3n Social para j\u00f3venes de 14 a 17 a\u00f1os. Contacto:&nbsp;<a rel=\"noreferrer noopener\" href=\"mailto:yeray.carmona@medicusmundi.es\" target=\"_blank\">yeray.carmona@medicusmundi.es<\/a>;&nbsp;<a href=\"mailto:montxo.oroz@medicusmundi.es\">montxo.oroz@medicusmundi.es<\/a>.&nbsp;<a rel=\"noreferrer noopener\" href=\"http:\/\/www.lasaludunderecho.es\/\" target=\"_blank\">M\u00e1s informaci\u00f3n<\/a>.&nbsp;<\/p>\n\n\n\n<p><strong>SARETUZ<\/strong>. Red de Infancia y Adolescencia del Casco Viejo. Contacto:&nbsp;<a href=\"mailto:saretuz.cascoviejo@gmail.com\">saretuz.cascoviejo@gmail.com<\/a>.<\/p>\n\n\n\n<p><strong>ASOCIACIONES DE INFANCIA Y JUVENTUD DE LOS BARRIOS DE PAMPLONA.&nbsp;<\/strong><a href=\"https:\/\/www.pamplona.es\/accion-comunitaria\/escuelas-comunitarias\">Servicios de Acci\u00f3n Preventiva Comunitaria<\/a><em>.<\/em><\/p>\n\n\n\n<p><strong>Buztintxuri.&nbsp;<\/strong>Asociacion Buztintxureando Txuri. Tel\u00e9fonos 948 803 574\/ 637 598 485. Contacto: buztintxureando@gmail.com.<\/p>\n\n\n\n<p><strong>Casco Viejo<\/strong>.&nbsp;<a href=\"https:\/\/www.aldezaharra.eus\/guia_colectivos\/aldezar\/\">Asociaci\u00f3n Aldezar<\/a><\/p>\n\n\n\n<p><strong>Chantrea.&nbsp;<\/strong><a href=\"https:\/\/sinarzubi.org\/quehacemos\/\">Federaci\u00f3n Si\u00f1arzubi<\/a><\/p>\n\n\n\n<p><strong>Echavacoiz.<\/strong>&nbsp;<a href=\"http:\/\/etxabakoitz.info\/\">Asociaci\u00f3n ETXABAKOITZ BIZIRIK elkartea<\/a><\/p>\n\n\n\n<p><strong>Ermitaga\u00f1a- Mendebaldea.<\/strong>&nbsp;Asociaci\u00f3n Hazialdea. Contacto:&nbsp;<a href=\"mailto:hazialdea@gmail.com\">hazialdea@gmail.com<\/a>. Tel\u00e9fono 623 195 155<\/p>\n\n\n\n<p><strong>Mendillorri- Ripagaina.&nbsp;<\/strong>Asociaci\u00f3n Bideberri. Contacto:&nbsp;<a href=\"mailto:asociacionbideberri@gmail.com\">asociacionbideberri@gmail.com<\/a>. Tel\u00e9fonos 948 103 358\/ 622 096 415<\/p>\n\n\n\n<p><strong>Milagrosa- Azpilaga\u00f1a.&nbsp;<\/strong><a href=\"http:\/\/www.asociacionjuvenilyoar.es\/\">Asociaci\u00f3n Juvenil Yoar<\/a><\/p>\n\n\n\n<p><strong>Rochapea.&nbsp;<\/strong><a href=\"https:\/\/federacionbatean.wixsite.com\/organisation\">Federaci\u00f3n Batean<\/a><\/p>\n\n\n\n<p><strong>San Jorge:&nbsp;<\/strong><a href=\"http:\/\/umetxea.blogspot.com\/p\/blog-page_16.html\">Umetxua Sanduzelai<\/a><\/p>\n\n\n\n<p><strong>FEDERACI\u00d3N SCOUTS CAT\u00d3LICOS DE NAVARRA- NAFARROAKO ESKAUT KATOLIKOAK (SCN-NEK):<\/strong>&nbsp;para chicas y chicos de entre 7 y 18 a\u00f1os. Educan en el tiempo libre a personas libres, cr\u00edticas y comprometidas con el mundo. <strong>Actividad gratuita seg\u00fan situaci\u00f3n econ\u00f3mica.<\/strong>&nbsp;<a href=\"https:\/\/www.facebook.com\/SCN.NEK\/\">Scouts Cat\u00f3licos de Navarra- Nafarroako Eskaut Katolikoak<\/a>. <strong>Ensanche.&nbsp;<\/strong><a href=\"https:\/\/www.facebook.com\/ScoutMikael\/\">Mikael<\/a>,&nbsp;<strong>Colegio Jesuitas.&nbsp;<\/strong><a href=\"https:\/\/www.facebook.com\/scoutvtropa\/\">V\u00aa Tropa<\/a>&nbsp;<a href=\"https:\/\/www.facebook.com\/scoutvtropa\/\">Grupo Scout V\u00aa Tropa<\/a>,&nbsp;<strong>Ermitaga\u00f1a.&nbsp;<\/strong><a href=\"https:\/\/www.facebook.com\/dendarizar\/\">Grupo scout Dendari Izar<\/a>,&nbsp;<strong>San Juan.&nbsp;<\/strong><a href=\"https:\/\/www.facebook.com\/grupo.scoutbaracea\/\">Grupo Scout Baracea<\/a>,&nbsp;<strong>Marcilla.<\/strong>&nbsp;<a href=\"https:\/\/www.facebook.com\/gundemaro.marcilla\/\">Grupo Scout Gundemaro<\/a>,&nbsp;<strong>Villava.&nbsp;<\/strong><a href=\"https:\/\/www.facebook.com\/ander.deuna.75\/\">Grupo Scout San Andr\u00e9s<\/a>,&nbsp;<strong>No\u00e1in.<\/strong>&nbsp;<a href=\"https:\/\/www.facebook.com\/scout.lykos\">Grupo Scout Lykos<\/a>. <\/p>\n\n\n\n<p><strong><em>El contenido de esta p\u00e1gina tiene car\u00e1cter meramente informativo. Te agradecemos si nos comunicas cualquier error o carencia en la informaci\u00f3n.<\/em><\/strong><\/p>\n","protected":false},"excerpt":{"rendered":"<p>ENTIDADES QUE APOYAN EL PUNTO DE INFORMACI\u00d3N ACCI\u00d3N CONTRA LA TRATA. AFRICA UNIDA NAVARRA ANITZARTEAN kulturartekotasun zerbitzua. Servicio Intercultural ANITZARTEAN. Sakanako Mankomunitatea. ASOCIACI\u00d3N CONTIGO PER\u00da ASOCIACI\u00d3N GELTOKI IRU\u00d1EA ASOCOLON. Asociaci\u00f3n de Colombianos en Navarra BANCO DE ALIMENTOS DE NAVARRA BIDEAN. Tel\u00e9fono 679 983 392.&nbsp; CEAR NAVARRA. CCOO. Navarra. COMUNIDAD ASVENA Y LA ALPARGATIKA. LAB SINDIKATUA. [&hellip;]<\/p>\n","protected":false},"author":1,"featured_media":0,"parent":0,"menu_order":0,"comment_status":"closed","ping_status":"closed","template":"templates\/template-cover.php","meta":{"footnotes":""},"class_list":["post-130","page","type-page","status-publish","hentry"],"jetpack_sharing_enabled":true,"_links":{"self":[{"href":"https:\/\/pim-mig.info\/index.php\/wp-json\/wp\/v2\/pages\/130","targetHints":{"allow":["GET"]}}],"collection":[{"href":"https:\/\/pim-mig.info\/index.php\/wp-json\/wp\/v2\/pages"}],"about":[{"href":"https:\/\/pim-mig.info\/index.php\/wp-json\/wp\/v2\/types\/page"}],"author":[{"embeddable":true,"href":"https:\/\/pim-mig.info\/index.php\/wp-json\/wp\/v2\/users\/1"}],"replies":[{"embeddable":true,"href":"https:\/\/pim-mig.info\/index.php\/wp-json\/wp\/v2\/comments?post=130"}],"version-history":[{"count":40,"href":"https:\/\/pim-mig.info\/index.php\/wp-json\/wp\/v2\/pages\/130\/revisions"}],"predecessor-version":[{"id":886,"href":"https:\/\/pim-mig.info\/index.php\/wp-json\/wp\/v2\/pages\/130\/revisions\/886"}],"wp:attachment":[{"href":"https:\/\/pim-mig.info\/index.php\/wp-json\/wp\/v2\/media?parent=130"}],"curies":[{"name":"wp","href":"https:\/\/api.w.org\/{rel}","templated":true}]}}